{"id":7348,"date":"2022-02-08T16:44:38","date_gmt":"2022-02-08T16:44:38","guid":{"rendered":"http:\/\/216.158.92.118\/?page_id=7348"},"modified":"2023-09-03T22:54:54","modified_gmt":"2023-09-03T22:54:54","slug":"nombramientos-historico","status":"publish","type":"page","link":"https:\/\/juntadegobierno.uabc.mx\/?page_id=7348","title":{"rendered":"UABC &#8211; Junta de Gobierno &#8211; Recomendaciones &#8211; Hist\u00f3rico"},"content":{"rendered":"\t\t<div data-elementor-type=\"wp-page\" data-elementor-id=\"7348\" class=\"elementor elementor-7348\" data-elementor-settings=\"[]\">\n\t\t\t\t\t\t\t<div class=\"elementor-section-wrap\">\n\t\t\t\t\t\t\t<section class=\"elementor-section elementor-top-section elementor-element elementor-element-900cdb3 elementor-section-boxed elementor-section-height-default elementor-section-height-default\" data-id=\"900cdb3\" data-element_type=\"section\">\n\t\t\t\t\t\t\t<div class=\"elementor-background-overlay\"><\/div>\n\t\t\t\t\t\t\t<div class=\"elementor-container elementor-column-gap-default\">\n\t\t\t\t\t<div class=\"elementor-column elementor-col-100 elementor-top-column elementor-element elementor-element-4022230\" data-id=\"4022230\" data-element_type=\"column\">\n\t\t\t<div class=\"elementor-widget-wrap elementor-element-populated\">\n\t\t\t\t\t\t\t\t<section class=\"elementor-section elementor-inner-section elementor-element elementor-element-c224787 elementor-section-boxed elementor-section-height-default elementor-section-height-default\" data-id=\"c224787\" data-element_type=\"section\">\n\t\t\t\t\t\t<div class=\"elementor-container elementor-column-gap-default\">\n\t\t\t\t\t<div class=\"elementor-column elementor-col-100 elementor-inner-column elementor-element elementor-element-162261d\" data-id=\"162261d\" data-element_type=\"column\">\n\t\t\t<div class=\"elementor-widget-wrap elementor-element-populated\">\n\t\t\t\t\t\t\t\t<div class=\"elementor-element elementor-element-9dd0f06 elementor-widget elementor-widget-heading\" data-id=\"9dd0f06\" data-element_type=\"widget\" data-widget_type=\"heading.default\">\n\t\t\t\t<div class=\"elementor-widget-container\">\n\t\t\t<h2 class=\"elementor-heading-title elementor-size-default\">Recomendaciones - Hist\u00f3rico<\/h2>\t\t<\/div>\n\t\t\t\t<\/div>\n\t\t\t\t<div class=\"elementor-element elementor-element-9b93051 elementor-widget elementor-widget-text-editor\" data-id=\"9b93051\" data-element_type=\"widget\" data-widget_type=\"text-editor.default\">\n\t\t\t\t<div class=\"elementor-widget-container\">\n\t\t\t\t\t\t\t\t<p>Hist\u00f3rico de recomendaciones:<\/p>\t\t\t\t\t\t<\/div>\n\t\t\t\t<\/div>\n\t\t\t\t<div class=\"elementor-element elementor-element-a603ff3 elementor-widget elementor-widget-shortcode\" data-id=\"a603ff3\" data-element_type=\"widget\" data-widget_type=\"shortcode.default\">\n\t\t\t\t<div class=\"elementor-widget-container\">\n\t\t\t\t\t<div class=\"elementor-shortcode\">\t\t\t\t\t\t<style>\r\n\t\t\t\t<style>\r\n#wpsm_accordion_7351 .wpsm_panel-heading{\r\n\tpadding:0px !important;\r\n}\r\n#wpsm_accordion_7351 .wpsm_panel-title {\r\n\tmargin:0px !important; \r\n\ttext-transform:none !important;\r\n\tline-height: 1 !important;\r\n}\r\n#wpsm_accordion_7351 .wpsm_panel-title a{\r\n\ttext-decoration:none;\r\n\toverflow:hidden;\r\n\tdisplay:block;\r\n\tpadding:0px;\r\n\tfont-size: 18px !important;\r\n\tfont-family: sans-serif !important;\r\n\tcolor:#000000 !important;\r\n\tborder-bottom:0px !important;\r\n}\r\n\r\n#wpsm_accordion_7351 .wpsm_panel-title a:focus {\r\noutline: 0px !important;\r\n}\r\n\r\n#wpsm_accordion_7351 .wpsm_panel-title a:hover, #wpsm_accordion_7351 .wpsm_panel-title a:focus {\r\n\tcolor:#000000 !important;\r\n}\r\n#wpsm_accordion_7351 .acc-a{\r\n\tcolor: #000000 !important;\r\n\tbackground-color:#dddddd !important;\r\n\tborder-color: #ddd;\r\n}\r\n#wpsm_accordion_7351 .wpsm_panel-default > .wpsm_panel-heading{\r\n\tcolor: #000000 !important;\r\n\tbackground-color: #dddddd !important;\r\n\tborder-color: #dddddd !important;\r\n\tborder-top-left-radius: 0px;\r\n\tborder-top-right-radius: 0px;\r\n}\r\n#wpsm_accordion_7351 .wpsm_panel-default {\r\n\t\tborder:1px solid transparent !important;\r\n\t}\r\n#wpsm_accordion_7351 {\r\n\tmargin-bottom: 20px;\r\n\toverflow: hidden;\r\n\tfloat: none;\r\n\twidth: 100%;\r\n\tdisplay: block;\r\n}\r\n#wpsm_accordion_7351 .ac_title_class{\r\n\tdisplay: block;\r\n\tpadding-top: 12px;\r\n\tpadding-bottom: 12px;\r\n\tpadding-left: 15px;\r\n\tpadding-right: 15px;\r\n}\r\n#wpsm_accordion_7351  .wpsm_panel {\r\n\toverflow:hidden;\r\n\t-webkit-box-shadow: 0 0px 0px rgba(0, 0, 0, .05);\r\n\tbox-shadow: 0 0px 0px rgba(0, 0, 0, .05);\r\n\t\tborder-radius: 4px;\r\n\t}\r\n#wpsm_accordion_7351  .wpsm_panel + .wpsm_panel {\r\n\t\tmargin-top: 5px;\r\n\t}\r\n#wpsm_accordion_7351  .wpsm_panel-body{\r\n\tbackground-color:#ffffff !important;\r\n\tcolor:#000000 !important;\r\n\tborder-top-color: #dddddd !important;\r\n\tfont-size:16px !important;\r\n\tfont-family: sans-serif !important;\r\n\toverflow: hidden;\r\n\t\tborder: 2px solid #dddddd !important;\r\n\t}\r\n\r\n#wpsm_accordion_7351 .ac_open_cl_icon{\r\n\tbackground-color:#dddddd !important;\r\n\tcolor: #000000 !important;\r\n\tfloat:right !important;\r\n\tpadding-top: 12px !important;\r\n\tpadding-bottom: 12px !important;\r\n\tline-height: 1.0 !important;\r\n\tpadding-left: 15px !important;\r\n\tpadding-right: 15px !important;\r\n\tdisplay: inline-block !important;\r\n}\r\n\r\n\t\t\t\r\n\t\t\t<\/style>\t\r\n\t\t\t<\/style>\r\n\t\t\t<div class=\"wpsm_panel-group\" id=\"wpsm_accordion_7351\" >\r\n\t\t\t\t\t\t\t\t\r\n\t\t\t\t\t<!-- Inner panel Start -->\r\n\t\t\t\t\t<div class=\"wpsm_panel wpsm_panel-default\">\r\n\t\t\t\t\t\t<div class=\"wpsm_panel-heading\" role=\"tab\" >\r\n\t\t\t\t\t\t  <h4 class=\"wpsm_panel-title\">\r\n\t\t\t\t\t\t\t<a  class=\"\"  data-toggle=\"collapse\" data-parent=\"#wpsm_accordion_7351 \" href=\"javascript:void(0)\" data-target=\"#ac_7351_collapse1\" onclick=\"do_resize()\">\r\n\t\t\t\t\t\t\t\t \r\n\t\t\t\t\t\t\t\t<span class=\"ac_title_class\">\r\n\t\t\t\t\t\t\t\t\t\t\t\t\t\t\t\t\t\t\t\t<span style=\"margin-right:6px;\" class=\"fa fa-align-justify\"><\/span>\r\n\t\t\t\t\t\t\t\t\t2025\t\t\t\t\t\t\t\t<\/span>\r\n\t\t\t\t\t\t\t<\/a>\r\n\t\t\t\t\t\t  <\/h4>\r\n\t\t\t\t\t\t<\/div>\r\n\t\t\t\t\t\t<div id=\"ac_7351_collapse1\" class=\"wpsm_panel-collapse collapse in\"  >\r\n\t\t\t\t\t\t  <div class=\"wpsm_panel-body\">\r\n\t\t\t\t\t\t\t\n<table id=\"tablepress-67\" class=\"tablepress tablepress-id-67\">\n<thead>\n<tr class=\"row-1 odd\">\n\t<th class=\"column-1\">Escuela, facultad o instituto<\/th><th class=\"column-2\">Recomendaci\u00f3n<\/th>\n<\/tr>\n<\/thead>\n<tbody class=\"row-hover\">\n<tr class=\"row-2 even\">\n\t<td class=\"column-1\">Facultad de Artes Tijuana<\/td><td class=\"column-2\"><a href=\"https:\/\/drive.google.com\/file\/d\/1hOWi4ZPX8nh8Y-WEm4qzcI29Abkrl5al\/view?usp=sharing\" target=\"_blank\" rel=\"noopener\">OFICIO 16<\/a><\/td>\n<\/tr>\n<tr class=\"row-3 odd\">\n\t<td class=\"column-1\">Facultad de Idiomas<\/td><td class=\"column-2\"><a href=\"https:\/\/drive.google.com\/file\/d\/1kORt2hKiadPivs2RBNQgr0Fxk2Vx3iZB\/view?usp=sharing\" target=\"_blank\" rel=\"noopener\">OFICIO 18<\/a><\/td>\n<\/tr>\n<tr class=\"row-4 even\">\n\t<td class=\"column-1\">Facultad de Odontolog\u00eda Mexicali<\/td><td class=\"column-2\"><a href=\"https:\/\/drive.google.com\/file\/d\/1NoBVz4wDY-YQ1-vFLvg3Xi1cd3b_3Wuj\/view?usp=sharing\" target=\"_blank\" rel=\"noopener\">OFICIO 21<\/a><\/td>\n<\/tr>\n<tr class=\"row-5 odd\">\n\t<td class=\"column-1\">Facultad de Deportes Tijuana<\/td><td class=\"column-2\"><a href=\"https:\/\/drive.google.com\/file\/d\/1Mw_A9oiJ4wgXhpGKvb71GPOzoiZnT9-K\/view?usp=sharing\" target=\"_blank\" rel=\"noopener\">OFICIO 25<\/a><\/td>\n<\/tr>\n<tr class=\"row-6 even\">\n\t<td class=\"column-1\">Facultad de Deportes Ensenada<\/td><td class=\"column-2\"><a href=\"https:\/\/drive.google.com\/file\/d\/1xXt_yfwppwLs1oJaFm74ILLjduIvN-Wa\/view?usp=sharing\" target=\"_blank\" rel=\"noopener\">OFICIO 26<\/a><\/td>\n<\/tr>\n<tr class=\"row-7 odd\">\n\t<td class=\"column-1\">Facultad de Ciencias Administrativas y Sociales<\/td><td class=\"column-2\"><a href=\"https:\/\/drive.google.com\/file\/d\/1d_y9jhLmxpg7fRgVEUDIoGiLWqQwd45O\/view?usp=sharing\" target=\"_blank\" rel=\"noopener\">OFICIO 27<\/a><\/td>\n<\/tr>\n<tr class=\"row-8 even\">\n\t<td class=\"column-1\">Escuela de Ciencias de la Salud, Ensenada<\/td><td class=\"column-2\"><a href=\"https:\/\/drive.google.com\/file\/d\/1m1g6YAtLNNtyp2s5t8bhvQCWJSaZF3mF\/view?usp=sharing\" target=\"_blank\" rel=\"noopener\">OFICIO 06<\/a><\/td>\n<\/tr>\n<tr class=\"row-9 odd\">\n\t<td class=\"column-1\">Facultad de Enolog\u00eda y Gastronom\u00eda Ensenada<\/td><td class=\"column-2\"><a href=https:\/\/drive.google.com\/file\/d\/17vYoBP1OcMcK-y4Pdn2fyINgLp5tx7G5\/view?usp=sharing\" target=\"_blank\" rel=\"noopener\">OFICIO 17<\/a><\/td>\n<\/tr>\n<tr class=\"row-10 even\">\n\t<td class=\"column-1\">Facultad de Artes Ensenada<\/td><td class=\"column-2\"><a href=https:\/\/drive.google.com\/file\/d\/1ErhfxihHTRmNLsUFbA1k4O6Nz4zrqUQ2\/view?usp=sharing\" target=\"_blank\" rel=\"noopener\">OFICIO 18<\/a><\/td>\n<\/tr>\n<tr class=\"row-11 odd\">\n\t<td class=\"column-1\">Facultad de Deportes Mexicali<\/td><td class=\"column-2\"><a href=https:\/\/drive.google.com\/file\/d\/1Zz9MBpV3uCwaofVK4r7AJXAZawXX99sS\/view?usp=sharing\"_blank\" rel=\"noopener\">OFICIO 23<\/a><\/td>\n<\/tr>\n<tr class=\"row-12 even\">\n\t<td class=\"column-1\">Facultad de Pedagog\u00eda e Innovaci\u00f3n Educativa<\/td><td class=\"column-2\"><a href=https:\/\/drive.google.com\/file\/d\/1GsJZzJPaYhQO5SDM-td_ziMkTD_UXCjS\/view?usp=sharing\"_blank\" rel=\"noopener\">OFICIO 24<\/a><\/td>\n<\/tr>\n<\/tbody>\n<\/table>\n<!-- #tablepress-67 from cache -->\t\t\t\t\t\t  <\/div>\r\n\t\t\t\t\t\t<\/div>\r\n\t\t\t\t\t<\/div>\r\n\t\t\t\t\t<!-- Inner panel End -->\r\n\t\t\t\t\t\r\n\t\t\t\t\t\t\t\t\r\n\t\t\t\t\t<!-- Inner panel Start -->\r\n\t\t\t\t\t<div class=\"wpsm_panel wpsm_panel-default\">\r\n\t\t\t\t\t\t<div class=\"wpsm_panel-heading\" role=\"tab\" >\r\n\t\t\t\t\t\t  <h4 class=\"wpsm_panel-title\">\r\n\t\t\t\t\t\t\t<a  class=\"collapsed\"  data-toggle=\"collapse\" data-parent=\"#wpsm_accordion_7351 \" href=\"javascript:void(0)\" data-target=\"#ac_7351_collapse2\" onclick=\"do_resize()\">\r\n\t\t\t\t\t\t\t\t \r\n\t\t\t\t\t\t\t\t<span class=\"ac_title_class\">\r\n\t\t\t\t\t\t\t\t\t\t\t\t\t\t\t\t\t\t\t\t<span style=\"margin-right:6px;\" class=\"fa fa-align-justify\"><\/span>\r\n\t\t\t\t\t\t\t\t\t2024\t\t\t\t\t\t\t\t<\/span>\r\n\t\t\t\t\t\t\t<\/a>\r\n\t\t\t\t\t\t  <\/h4>\r\n\t\t\t\t\t\t<\/div>\r\n\t\t\t\t\t\t<div id=\"ac_7351_collapse2\" class=\"wpsm_panel-collapse collapse \"  >\r\n\t\t\t\t\t\t  <div class=\"wpsm_panel-body\">\r\n\t\t\t\t\t\t\t\n<table id=\"tablepress-68\" class=\"tablepress tablepress-id-68\">\n<thead>\n<tr class=\"row-1 odd\">\n\t<th class=\"column-1\">Fecha del nombramiento<\/th><th class=\"column-2\">Escuela, facultad o instituto<\/th><th class=\"column-3\">Director(a) nombrado(a)<\/th><th class=\"column-4\">Recomendaci\u00f3n<\/th>\n<\/tr>\n<\/thead>\n<tbody class=\"row-hover\">\n<tr class=\"row-2 even\">\n\t<td class=\"column-1\">19 febrero 2024<\/td><td class=\"column-2\">Facultad de Ciencias Humanas<\/td><td class=\"column-3\">Dra. Heidy Anhely Z\u00fa\u00f1iga Amaya. <\/td><td class=\"column-4\"><a href=\"https:\/\/drive.google.com\/file\/d\/1uaBb8KuONFXSJQVTj1TM2DQYxvF7BCM6\/view?usp=sharing\" target=\"_blank\" rel=\"noopener\">OFICIO 11<\/a><\/td>\n<\/tr>\n<tr class=\"row-3 odd\">\n\t<td class=\"column-1\"><\/td><td class=\"column-2\">Facultad de Derecho Mexicali<\/td><td class=\"column-3\">Dra. Ana Edith Canales Murillo<\/td><td class=\"column-4\"><a href=\"https:\/\/drive.google.com\/file\/d\/1p4z8ytoQpEzTv6NUpOFhQGm19tMHzc1k\/view?usp=sharing\" target=\"_blank\" rel=\"noopener\">OFICIO 12<\/a><\/td>\n<\/tr>\n<tr class=\"row-4 even\">\n\t<td class=\"column-1\">13 marzo 2024<\/td><td class=\"column-2\">Instituto de Ingenier\u00eda<\/td><td class=\"column-3\">Dr. Mario Alberto Curiel \u00c1lvarez.<\/td><td class=\"column-4\"><a href=\"https:\/\/drive.google.com\/file\/d\/1dzRYhtt4kMt4t7wv6_sXTOMMMpwsDofk\/view?usp=sharing\" target=\"_blank\" rel=\"noopener\">OFICIO 17<\/a><\/td>\n<\/tr>\n<tr class=\"row-5 odd\">\n\t<td class=\"column-1\">22 marzo 2024<\/td><td class=\"column-2\">Facultad de Odontolog\u00eda Tijuana<\/td><td class=\"column-3\">Dra. Perla Elena N\u00fa\u00f1ez Seraf\u00edn.<\/td><td class=\"column-4\"><a href=\"https:\/\/drive.google.com\/file\/d\/1NA_E7fm7oHZnIaZNMpPcfLdkZP5H4j3b\/view?usp=sharing\" target=\"_blank\" rel=\"noopener\">OFICIO 18<\/a><\/td>\n<\/tr>\n<tr class=\"row-6 even\">\n\t<td class=\"column-1\"><\/td><td class=\"column-2\">Facultad de Turismo y Mercadotecnia<\/td><td class=\"column-3\">Mtra. Mariana Rodr\u00edguez Ruiz.<\/td><td class=\"column-4\"><a href=\"https:\/\/drive.google.com\/file\/d\/1mizL7knBd5oieH56r7oVNON5XIn3UquT\/view?usp=sharing\" target=\"_blank\" rel=\"noopener\">OFICIO 19<\/a><\/td>\n<\/tr>\n<tr class=\"row-7 odd\">\n\t<td class=\"column-1\">03 mayo 2024<\/td><td class=\"column-2\">Facultad de Ciencias Marinas<\/td><td class=\"column-3\">Dra. Natalie Mill\u00e1n Agui\u00f1aga<\/td><td class=\"column-4\"><a href=\"https:\/\/drive.google.com\/file\/d\/1KTuKAFXsVcvqaCRJjxqwPadnspDdGcuh\/view?usp=sharing\" target=\"_blank\" rel=\"noopener\">OFICIO 25<\/a><\/td>\n<\/tr>\n<tr class=\"row-8 even\">\n\t<td class=\"column-1\">16 mayo 2024<\/td><td class=\"column-2\">Facultad de Ciencias de la Ingenier\u00eda, Administrativas y Sociales.<\/td><td class=\"column-3\">Dr. Mauricio Iv\u00e1n Vargas Mendoza.<\/td><td class=\"column-4\"><a href=\"https:\/\/drive.google.com\/file\/d\/1KrjLY7oAQxwFbcDxmkJnclygs7sGJpMB\/view?usp=sharing\" target=\"_blank\" rel=\"noopener\">OFICIO 31<\/a><\/td>\n<\/tr>\n<tr class=\"row-9 odd\">\n\t<td class=\"column-1\">31 mayo 2024<\/td><td class=\"column-2\">Facultad de Ingenier\u00eda y Negocios San Quint\u00edn<\/td><td class=\"column-3\">Mtro. Jos\u00e9 Cupertino P\u00e9rez Murillo<\/td><td class=\"column-4\"><a href=\"https:\/\/drive.google.com\/file\/d\/1pOXxWzpcsoVDWXqrc0_lMaDVBpRfI6i7\/view?usp=sharing\" target=\"_blank\" rel=\"noopener\">OFICIO 32<\/a><\/td>\n<\/tr>\n<tr class=\"row-10 even\">\n\t<td class=\"column-1\">23 agosto 2024<\/td><td class=\"column-2\">Facultad de Arquitectura y Dise\u00f1o<\/td><td class=\"column-3\">Dr. Alejandro Jos\u00e9 Peimbert Duarte<\/td><td class=\"column-4\"><a href=\"https:\/\/drive.google.com\/file\/d\/1vThDHcGqP9lYZDFiUzpsktg0gi1NiEpo\/view?usp=sharing\" target=\"_blank\" rel=\"noopener\">OFICIO 13<\/a><\/td>\n<\/tr>\n<tr class=\"row-11 odd\">\n\t<td class=\"column-1\"><\/td><td class=\"column-2\">Facultad de Ciencias Administrativas, Sociales e Ingenier\u00eda<\/td><td class=\"column-3\">Dra. Griselda Guill\u00e9n Ojeda<\/td><td class=\"column-4\"><a href=\"https:\/\/drive.google.com\/file\/d\/1ku1C46l-YgIQxbj2HesCnpPgepRBuJWl\/view?usp=sharing\" target=\"_blank\" rel=\"noopener\">OFICIO 14<\/a><\/td>\n<\/tr>\n<tr class=\"row-12 even\">\n\t<td class=\"column-1\">24 septiembre 2024<\/td><td class=\"column-2\">Facultad de Ciencias<\/td><td class=\"column-3\">Dr. Alberto Leopoldo Mor\u00e1n y Solares<\/td><td class=\"column-4\"><a href=\"https:\/\/drive.google.com\/file\/d\/1LX1VEBClhXHwh8ek3agIqJdc-bj8m79G\/view?usp=sharing\" target=\"_blank\" rel=\"noopener\">OFICIO 19<\/a><\/td>\n<\/tr>\n<tr class=\"row-13 odd\">\n\t<td class=\"column-1\">25 septiembre 2024<\/td><td class=\"column-2\">Facultad de Econom\u00eda y Relaciones Internacionales<\/td><td class=\"column-3\">Dra. Erika Ch\u00e1vez Nungaray<\/td><td class=\"column-4\"><a href=\"https:\/\/drive.google.com\/file\/d\/1UxAOJL4l1Lf4Ixyf4i7f9y1lATy2BGQE\/view?usp=sharing\" target=\"_blank\" rel=\"noopener\">OFICIO 20<\/a><\/td>\n<\/tr>\n<tr class=\"row-14 even\">\n\t<td class=\"column-1\">24 noviembre 2024<\/td><td class=\"column-2\">Instituto de Ciencias Agr\u00edcolas<\/td><td class=\"column-3\">Dr. Daniel Gonz\u00e1lez Mendoza<\/td><td class=\"column-4\"><a href=\"https:\/\/drive.google.com\/file\/d\/1IhttLq70UAp1qA4BA-IaXe2eOLrzr01m\/view?usp=sharing\" target=\"_blank\" rel=\"noopener\">OFICIO 32<\/a><\/td>\n<\/tr>\n<tr class=\"row-15 odd\">\n\t<td class=\"column-1\"><\/td><td class=\"column-2\">Facultad de Ingenier\u00eda<\/td><td class=\"column-3\">Dra. Araceli Celina Justo L\u00f3pez<\/td><td class=\"column-4\"><a href=\"https:\/\/drive.google.com\/file\/d\/168l1NpjWTtPeIv6AWqdfp54mG3rAyheu\/view?usp=sharing\" target=\"_blank\" rel=\"noopener\">OFICIO 33<\/a><\/td>\n<\/tr>\n<tr class=\"row-16 even\">\n\t<td class=\"column-1\">27 de noviembre<\/td><td class=\"column-2\">Facultad de Ciencias Sociales y Pol\u00edticas<\/td><td class=\"column-3\">Dra. Erika Garc\u00eda Meneses<\/td><td class=\"column-4\"><a href=\"https:\/\/drive.google.com\/file\/d\/1UWrzjGkV6YzQPcCThe8kDl79silMVH8r\/view?usp=sharing\" target=\"_blank\" rel=\"noopener\">OFICIO 35<\/a><\/td>\n<\/tr>\n<tr class=\"row-17 odd\">\n\t<td class=\"column-1\">06 de diciembre<\/td><td class=\"column-2\">Facultad de Humanidades y Ciencias Sociales<\/td><td class=\"column-3\">Dra. Diana Denisse Merchant Ley<\/td><td class=\"column-4\"><a href=\"https:\/\/drive.google.com\/file\/d\/13nt-Yzd3xKWls8Oqq9zqEK2m0Ws2-4Rp\/view?usp=sharing\" target=\"_blank\" rel=\"noopener\">OFICIO 36<\/a><\/td>\n<\/tr>\n<\/tbody>\n<\/table>\n<!-- #tablepress-68 from cache -->\t\t\t\t\t\t  <\/div>\r\n\t\t\t\t\t\t<\/div>\r\n\t\t\t\t\t<\/div>\r\n\t\t\t\t\t<!-- Inner panel End -->\r\n\t\t\t\t\t\r\n\t\t\t\t\t\t\t\t\r\n\t\t\t\t\t<!-- Inner panel Start -->\r\n\t\t\t\t\t<div class=\"wpsm_panel wpsm_panel-default\">\r\n\t\t\t\t\t\t<div class=\"wpsm_panel-heading\" role=\"tab\" >\r\n\t\t\t\t\t\t  <h4 class=\"wpsm_panel-title\">\r\n\t\t\t\t\t\t\t<a  class=\"collapsed\"  data-toggle=\"collapse\" data-parent=\"#wpsm_accordion_7351 \" href=\"javascript:void(0)\" data-target=\"#ac_7351_collapse3\" onclick=\"do_resize()\">\r\n\t\t\t\t\t\t\t\t \r\n\t\t\t\t\t\t\t\t<span class=\"ac_title_class\">\r\n\t\t\t\t\t\t\t\t\t\t\t\t\t\t\t\t\t\t\t\t<span style=\"margin-right:6px;\" class=\"fa fa-align-justify\"><\/span>\r\n\t\t\t\t\t\t\t\t\t2023\t\t\t\t\t\t\t\t<\/span>\r\n\t\t\t\t\t\t\t<\/a>\r\n\t\t\t\t\t\t  <\/h4>\r\n\t\t\t\t\t\t<\/div>\r\n\t\t\t\t\t\t<div id=\"ac_7351_collapse3\" class=\"wpsm_panel-collapse collapse \"  >\r\n\t\t\t\t\t\t  <div class=\"wpsm_panel-body\">\r\n\t\t\t\t\t\t\t\n<table id=\"tablepress-64\" class=\"tablepress tablepress-id-64\">\n<thead>\n<tr class=\"row-1 odd\">\n\t<th class=\"column-1\">Fecha del nombramiento.<\/th><th class=\"column-2\">Escuela, facultad o instituto.<\/th><th class=\"column-3\">Director (a) Nombrado (a).<\/th><th class=\"column-4\">Recomendaci\u00f3n<\/th>\n<\/tr>\n<\/thead>\n<tbody class=\"row-hover\">\n<tr class=\"row-2 even\">\n\t<td class=\"column-1\">25 de abril<\/td><td class=\"column-2\">Instituto de Investigaciones en Ciencias Veterinarias<\/td><td class=\"column-3\">Mtro. Luis Mario Mu\u00f1oz del Real.<\/td><td class=\"column-4\"><a href=\"https:\/\/drive.google.com\/file\/d\/1CKU1OOxYxWQMRqQzVlcUOKMBv7EqtANQ\/preview\" target=\"_blank\" rel=\"noopener\">OFICIO 24<\/a><\/td>\n<\/tr>\n<tr class=\"row-3 odd\">\n\t<td class=\"column-1\">05 de mayo<\/td><td class=\"column-2\">Facultad de Idiomas<\/td><td class=\"column-3\">Dr. Rafael Sald\u00edvar Arreola.<\/td><td class=\"column-4\"><a href=\"https:\/\/drive.google.com\/file\/d\/1t2HZkDrfDdUsMbG7Bp-N-EodoaKGdgaA\/preview\" target=\"_blank\" rel=\"noopener\">OFICIO 28<\/a><\/td>\n<\/tr>\n<tr class=\"row-4 even\">\n\t<td class=\"column-1\">05 de mayo<\/td><td class=\"column-2\">Facultad de Artes<\/td><td class=\"column-3\">Mtro. Salvador Le\u00f3n Guridi.<\/td><td class=\"column-4\"><a href=\"https:\/\/drive.google.com\/file\/d\/1ISmJ9qptgVrSbi1K1xrjqbgIGWOfsFsy\/preview\" target=\"_blank\" rel=\"noopener\">OFICIO 29<\/a><\/td>\n<\/tr>\n<tr class=\"row-5 odd\">\n\t<td class=\"column-1\">05 de mayo<\/td><td class=\"column-2\">Facultad de Ciencias Administrativas<\/td><td class=\"column-3\">Dra. S\u00f3sima Carrillo.<\/td><td class=\"column-4\"><a href=\"https:\/\/drive.google.com\/file\/d\/1uAsxPRbhxUbKtLIhjOWFAjTRbsE5h8w-\/preview\" target=\"_blank\" rel=\"noopener\">OFICIO 30<\/a><\/td>\n<\/tr>\n<tr class=\"row-6 even\">\n\t<td class=\"column-1\">13 de mayo<\/td><td class=\"column-2\">Facultad de Ciencias de la Salud Valle de las Palmas -<\/td><td class=\"column-3\">Mtra. Lidia Magdalena Casta\u00f1eda Gonzalez.<\/td><td class=\"column-4\"><a href=\"https:\/\/drive.google.com\/file\/d\/1sosWttS63iG8NjgnDSH0zo5tteyhWsFb\/preview\" target=\"_blank\" rel=\"noopener\">OFICIO 31<\/a><\/td>\n<\/tr>\n<tr class=\"row-7 odd\">\n\t<td class=\"column-1\">13 de mayo<\/td><td class=\"column-2\">Facultad de Ciencias de la Ingenier\u00eda y Tecnolog\u00eda Valle de las Palmas -<\/td><td class=\"column-3\">Dr. David Abdel Mej\u00eda Medina<\/td><td class=\"column-4\"><a href=\"https:\/\/drive.google.com\/file\/d\/1hKzvtykWmUA5ArzY0gpxyDBzRFB740YA\/preview\" target=\"_blank\" rel=\"noopener\">OFICIO 32<\/a><\/td>\n<\/tr>\n<tr class=\"row-8 even\">\n\t<td class=\"column-1\">08 junio<\/td><td class=\"column-2\">Instituto de Investigaciones Hist\u00f3ricas<\/td><td class=\"column-3\">Dra. Diana Lizbeth M\u00e9ndez Medina.<\/td><td class=\"column-4\"><a href=\"https:\/\/drive.google.com\/file\/d\/155GwCaWnY9z5iX7CISk10SQ6V9z9orkt\/preview\" target=\"_blank\" rel=\"noopener\">OFICIO 36<\/a><\/td>\n<\/tr>\n<tr class=\"row-9 odd\">\n\t<td class=\"column-1\">02 de octubre<\/td><td class=\"column-2\">Facultad de Derecho Tijuana<\/td><td class=\"column-3\">Dra. Laura Alicia Camarillo Govea.<\/td><td class=\"column-4\"><a href=\"https:\/\/drive.google.com\/file\/d\/1xaV_mBETaGV-w7tJKxJCW7OX9JJwKc_M\/view?usp=sharing\" target=\"_blank\" rel=\"noopener\">OFICIO 08<\/a><\/td>\n<\/tr>\n<tr class=\"row-10 even\">\n\t<td class=\"column-1\">16 de octubre<\/td><td class=\"column-2\">Facultad de Enfermer\u00eda Mexicali<\/td><td class=\"column-3\">Mtra. Leticia Gabriela Rodr\u00edguez Pedraza.<\/td><td class=\"column-4\"><a href=\"https:\/\/drive.google.com\/file\/d\/1KVBAX21FGKn1Utb_u2DRM28Ne0V8IsU-\/view?usp=sharing\"_blank\" rel=\"noopener\">OFICIO 12<\/a><\/td>\n<\/tr>\n<tr class=\"row-11 odd\">\n\t<td class=\"column-1\">09 de noviembre<\/td><td class=\"column-2\">Facultad de Medicina y Psicolog\u00eda<\/td><td class=\"column-3\">Dra. Mar\u00eda Guadalupe Delgadillo Ramos.<\/td><td class=\"column-4\"><a href=\"https:\/\/drive.google.com\/file\/d\/1lDt0xXfxux10_vhzpMD40fAkoBAaZNxm\/view?usp=sharing\"_blank\" rel=\"noopener\">OFICIO 19<\/a><\/td>\n<\/tr>\n<tr class=\"row-12 even\">\n\t<td class=\"column-1\">09 de noviembre<\/td><td class=\"column-2\">Facultad de Contadur\u00eda y Administraci\u00f3n<\/td><td class=\"column-3\">Dra. Margarita Ram\u00edrez Ram\u00edrez.<\/td><td class=\"column-4\"><a href=\"https:\/\/drive.google.com\/file\/d\/1tdDvtvF6JlLz-EU8I6eAwmfQINusM43I\/view?usp=sharing\"_blank\" rel=\"noopener\">OFICIO 20<\/a><\/td>\n<\/tr>\n<tr class=\"row-13 odd\">\n\t<td class=\"column-1\">01 de diciembre<\/td><td class=\"column-2\">Instituto de Investigaci\u00f3n y Desarrollo Educativo<\/td><td class=\"column-3\">Dra. Edna Luna Serrano.<\/td><td class=\"column-4\"><a href=\"https:\/\/drive.google.com\/file\/d\/1B9pquqrmreRjMKSVa6_HMfgZVSfDt6Qi\/view?usp=sharing\"_blank\" rel=\"noopener\">OFICIO 23<\/a><\/td>\n<\/tr>\n<tr class=\"row-14 even\">\n\t<td class=\"column-1\">01 de diciembre<\/td><td class=\"column-2\">Facultad de Ingenier\u00eda, Arquitectura y Dise\u00f1o.<\/td><td class=\"column-3\">Dr. Juli\u00e1n Israel Aguilar Duque.<\/td><td class=\"column-4\"><a href=\"https:\/\/drive.google.com\/file\/d\/1maENsLixcXu_oIR4rlTXEo0IBLVfClK7\/view?usp=sharing\"_blank\" rel=\"noopener\">OFICIO 24<\/a><\/td>\n<\/tr>\n<\/tbody>\n<\/table>\n<!-- #tablepress-64 from cache -->\t\t\t\t\t\t  <\/div>\r\n\t\t\t\t\t\t<\/div>\r\n\t\t\t\t\t<\/div>\r\n\t\t\t\t\t<!-- Inner panel End -->\r\n\t\t\t\t\t\r\n\t\t\t\t\t\t\t\t\r\n\t\t\t\t\t<!-- Inner panel Start -->\r\n\t\t\t\t\t<div class=\"wpsm_panel wpsm_panel-default\">\r\n\t\t\t\t\t\t<div class=\"wpsm_panel-heading\" role=\"tab\" >\r\n\t\t\t\t\t\t  <h4 class=\"wpsm_panel-title\">\r\n\t\t\t\t\t\t\t<a  class=\"collapsed\"  data-toggle=\"collapse\" data-parent=\"#wpsm_accordion_7351 \" href=\"javascript:void(0)\" data-target=\"#ac_7351_collapse4\" onclick=\"do_resize()\">\r\n\t\t\t\t\t\t\t\t \r\n\t\t\t\t\t\t\t\t<span class=\"ac_title_class\">\r\n\t\t\t\t\t\t\t\t\t\t\t\t\t\t\t\t\t\t\t\t<span style=\"margin-right:6px;\" class=\"fa fa-align-justify\"><\/span>\r\n\t\t\t\t\t\t\t\t\t2022\t\t\t\t\t\t\t\t<\/span>\r\n\t\t\t\t\t\t\t<\/a>\r\n\t\t\t\t\t\t  <\/h4>\r\n\t\t\t\t\t\t<\/div>\r\n\t\t\t\t\t\t<div id=\"ac_7351_collapse4\" class=\"wpsm_panel-collapse collapse \"  >\r\n\t\t\t\t\t\t  <div class=\"wpsm_panel-body\">\r\n\t\t\t\t\t\t\t\n<table id=\"tablepress-49\" class=\"tablepress tablepress-id-49\">\n<thead>\n<tr class=\"row-1 odd\">\n\t<th class=\"column-1\">Fecha del nombramiento<\/th><th class=\"column-2\">Escuela, facultad o instituto<\/th><th class=\"column-3\">Director(a) nombrado(a)<\/th><th class=\"column-4\">Recomendaci\u00f3n<\/th>\n<\/tr>\n<\/thead>\n<tbody class=\"row-hover\">\n<tr class=\"row-2 even\">\n\t<td class=\"column-1\">24 de marzo<\/td><td class=\"column-2\">Facultad de Medicina<\/td><td class=\"column-3\">Dr. Jos\u00e9 Manuel Avenda\u00f1o Reyes<\/td><td class=\"column-4\"><a href=\"https:\/\/drive.google.com\/file\/d\/1nq4BwXrzQv84kUKxtYGRT_FsT8Pw19IB\/preview\" target=\"_blank\" rel=\"noopener\">OFICIO 05<\/a><\/td>\n<\/tr>\n<tr class=\"row-3 odd\">\n\t<td class=\"column-1\">15 de junio<\/td><td class=\"column-2\">Instituto de Investigaciones Oceanol\u00f3gicas<\/td><td class=\"column-3\">Dr. Luis Walter Daessl\u00e9 Heuser<\/td><td class=\"column-4\"><a href=\"https:\/\/drive.google.com\/file\/d\/1lH7fk-hXkVMXA_EFgBfHK7nf6Np-98So\/preview\" target=\"_blank\" rel=\"noopener\">OFICIO 16<\/a><\/td>\n<\/tr>\n<tr class=\"row-4 even\">\n\t<td class=\"column-1\">16 de junio<\/td><td class=\"column-2\">Facultad de Ciencias Qu\u00edmicas e Ingenier\u00eda<\/td><td class=\"column-3\">Mtro. Roberto Alejandro Reyes Mart\u00ednez<\/td><td class=\"column-4\"><a href=\"https:\/\/drive.google.com\/file\/d\/1FCZZV8lY6OGpR4khVg7IuZ_2_cP5ioTW\/preview\" target=\"_blank\" rel=\"noopener\">OFICIO 17<\/a><\/td>\n<\/tr>\n<tr class=\"row-5 odd\">\n\t<td class=\"column-1\">21 de septiembre<\/td><td class=\"column-2\">Facultad de Ciencias de la Ingenier\u00eda, Administrativas y Sociales<\/td><td class=\"column-3\">Dr. Oscar Omar Ovalle Osuna<\/td><td class=\"column-4\"><\/td>\n<\/tr>\n<\/tbody>\n<\/table>\n<!-- #tablepress-49 from cache -->\t\t\t\t\t\t  <\/div>\r\n\t\t\t\t\t\t<\/div>\r\n\t\t\t\t\t<\/div>\r\n\t\t\t\t\t<!-- Inner panel End -->\r\n\t\t\t\t\t\r\n\t\t\t\t\t\t\t\t\r\n\t\t\t\t\t<!-- Inner panel Start -->\r\n\t\t\t\t\t<div class=\"wpsm_panel wpsm_panel-default\">\r\n\t\t\t\t\t\t<div class=\"wpsm_panel-heading\" role=\"tab\" >\r\n\t\t\t\t\t\t  <h4 class=\"wpsm_panel-title\">\r\n\t\t\t\t\t\t\t<a  class=\"collapsed\"  data-toggle=\"collapse\" data-parent=\"#wpsm_accordion_7351 \" href=\"javascript:void(0)\" data-target=\"#ac_7351_collapse5\" onclick=\"do_resize()\">\r\n\t\t\t\t\t\t\t\t \r\n\t\t\t\t\t\t\t\t<span class=\"ac_title_class\">\r\n\t\t\t\t\t\t\t\t\t\t\t\t\t\t\t\t\t\t\t\t<span style=\"margin-right:6px;\" class=\"fa fa-align-justify\"><\/span>\r\n\t\t\t\t\t\t\t\t\t2021\t\t\t\t\t\t\t\t<\/span>\r\n\t\t\t\t\t\t\t<\/a>\r\n\t\t\t\t\t\t  <\/h4>\r\n\t\t\t\t\t\t<\/div>\r\n\t\t\t\t\t\t<div id=\"ac_7351_collapse5\" class=\"wpsm_panel-collapse collapse \"  >\r\n\t\t\t\t\t\t  <div class=\"wpsm_panel-body\">\r\n\t\t\t\t\t\t\t\n<table id=\"tablepress-50\" class=\"tablepress tablepress-id-50\">\n<thead>\n<tr class=\"row-1 odd\">\n\t<th class=\"column-1\">Fecha del nombramiento<\/th><th class=\"column-2\">Escuela, facultad o instituto<\/th><th class=\"column-3\">Director(a) nombrado(a)<\/th><th class=\"column-4\">Recomendaci\u00f3n<\/th>\n<\/tr>\n<\/thead>\n<tbody class=\"row-hover\">\n<tr class=\"row-2 even\">\n\t<td class=\"column-1\">19 de abril<\/td><td class=\"column-2\">Facultad de Odontolog\u00eda Mexicali<\/td><td class=\"column-3\">Dr. Guillermo P\u00e9rez Cortez<\/td><td class=\"column-4\"><a href=\"https:\/\/drive.google.com\/file\/d\/1-bk16NtkLJ5OeyBAE6lFEHv3Z5FW_jva\/preview\" target=\"_blank\" rel=\"noopener\">OFICIO 33<\/a><\/td>\n<\/tr>\n<tr class=\"row-3 odd\">\n\t<td class=\"column-1\">05 de Junio<\/td><td class=\"column-2\">Facultad de Ciencias Administrativas y Sociales<\/td><td class=\"column-3\">Mtro. Jes\u00fas Antonio Padilla S\u00e1nchez<\/td><td class=\"column-4\"><a href=\"https:\/\/drive.google.com\/file\/d\/1KSDuQq2w6xOXgBiYSkaYXKpkzb8D5dAO\/preview\" target=\"_blank\" rel=\"noopener\">OFICIO 34<\/a><\/td>\n<\/tr>\n<tr class=\"row-4 even\">\n\t<td class=\"column-1\">06 septiembre<\/td><td class=\"column-2\">Escuela de Ciencias de la Salud Ensenada<\/td><td class=\"column-3\">Dra. Patricia Radilla Ch\u00e1vez<\/td><td class=\"column-4\"><a href=\"https:\/\/drive.google.com\/file\/d\/1-IsEhkJbv_FVwUXSC-kuB7UEY6_Xm3Qh\/preview\" target=\"_blank\" rel=\"noopener\">OFICIO 03<\/a><\/td>\n<\/tr>\n<tr class=\"row-5 odd\">\n\t<td class=\"column-1\">26 de octubre<\/td><td class=\"column-2\">Facultad de Enolog\u00eda y Gastronom\u00eda<\/td><td class=\"column-3\">Mtro. Alejandro Jim\u00e9nez Hern\u00e1ndez<\/td><td class=\"column-4\"><a href=\"https:\/\/drive.google.com\/file\/d\/1I9hj0s5D1I0uheT9lUfVEMhI_WE2Kp0S\/preview\" target=\"_blank\" rel=\"noopener\">OFICIO 09<\/a><\/td>\n<\/tr>\n<tr class=\"row-6 even\">\n\t<td class=\"column-1\">27 de noviembre<\/td><td class=\"column-2\">Facultad de Pedagog\u00eda e Innovaci\u00f3n Educativa\u00a0<\/td><td class=\"column-3\">Mtra. Gricelda Mendivil Rosas<\/td><td class=\"column-4\"><a href=\"https:\/\/drive.google.com\/file\/d\/1Y5OuzN02nX6e9EapUAaY_T9qrTYpiHXr\/preview\" target=\"_blank\" rel=\"noopener\">OFICIO 14<\/a><\/td>\n<\/tr>\n<\/tbody>\n<\/table>\n<!-- #tablepress-50 from cache -->\t\t\t\t\t\t  <\/div>\r\n\t\t\t\t\t\t<\/div>\r\n\t\t\t\t\t<\/div>\r\n\t\t\t\t\t<!-- Inner panel End -->\r\n\t\t\t\t\t\r\n\t\t\t\t\t\t\t\t\r\n\t\t\t\t\t<!-- Inner panel Start -->\r\n\t\t\t\t\t<div class=\"wpsm_panel wpsm_panel-default\">\r\n\t\t\t\t\t\t<div class=\"wpsm_panel-heading\" role=\"tab\" >\r\n\t\t\t\t\t\t  <h4 class=\"wpsm_panel-title\">\r\n\t\t\t\t\t\t\t<a  class=\"collapsed\"  data-toggle=\"collapse\" data-parent=\"#wpsm_accordion_7351 \" href=\"javascript:void(0)\" data-target=\"#ac_7351_collapse6\" onclick=\"do_resize()\">\r\n\t\t\t\t\t\t\t\t \r\n\t\t\t\t\t\t\t\t<span class=\"ac_title_class\">\r\n\t\t\t\t\t\t\t\t\t\t\t\t\t\t\t\t\t\t\t\t<span style=\"margin-right:6px;\" class=\"fa fa-align-justify\"><\/span>\r\n\t\t\t\t\t\t\t\t\t2020\t\t\t\t\t\t\t\t<\/span>\r\n\t\t\t\t\t\t\t<\/a>\r\n\t\t\t\t\t\t  <\/h4>\r\n\t\t\t\t\t\t<\/div>\r\n\t\t\t\t\t\t<div id=\"ac_7351_collapse6\" class=\"wpsm_panel-collapse collapse \"  >\r\n\t\t\t\t\t\t  <div class=\"wpsm_panel-body\">\r\n\t\t\t\t\t\t\t\n<table id=\"tablepress-51\" class=\"tablepress tablepress-id-51\">\n<thead>\n<tr class=\"row-1 odd\">\n\t<th class=\"column-1\">Fecha del nombramiento<\/th><th class=\"column-2\">Escuela, facultad o instituto<\/th><th class=\"column-3\">Director(a) nombrado(a)<\/th><th class=\"column-4\">Recomendaci\u00f3n<\/th>\n<\/tr>\n<\/thead>\n<tbody class=\"row-hover\">\n<tr class=\"row-2 even\">\n\t<td class=\"column-1\">19 de febrero<\/td><td class=\"column-2\">Facultad de Derecho Mexicali<\/td><td class=\"column-3\">Mtra. Ana Edith Canales Murillo<\/td><td class=\"column-4\"><a href=\"https:\/\/drive.google.com\/file\/d\/133G8bCtgklgzP4-QROyW4DpN2Eq2klEh\/preview\" target=\"_blank\" rel=\"noopener\">OFICIO 18<\/a><\/td>\n<\/tr>\n<tr class=\"row-3 odd\">\n\t<td class=\"column-1\">26 de febrero<\/td><td class=\"column-2\">Facultad de Ciencias Marinas<\/td><td class=\"column-3\">Dra. Lus Mercedes L\u00f3pez Acu\u00f1a<\/td><td class=\"column-4\"><a href=\"https:\/\/drive.google.com\/file\/d\/1G_7-TlaSJ1mK1gDf0v02UMzsidqVVpzd\/preview\" target=\"_blank\" rel=\"noopener\">OFICIO 20<\/a><\/td>\n<\/tr>\n<tr class=\"row-4 even\">\n\t<td class=\"column-1\">13 de marzo<\/td><td class=\"column-2\">Instituto de Ingenier\u00eda<\/td><td class=\"column-3\">Dr. Mario Alberto Curiel \u00c1lvarez<\/td><td class=\"column-4\"><a href=\"https:\/\/drive.google.com\/file\/d\/1XRM_la8xpfHrZXc7wYE_q2Ye6CiwxW7J\/preview\" target=\"_blank\" rel=\"noopener\">OFICIO 26<\/a><\/td>\n<\/tr>\n<tr class=\"row-5 odd\">\n\t<td class=\"column-1\">27 de agosto\u00a0<\/td><td class=\"column-2\">Facultad de Arquitectura y Dise\u00f1o<\/td><td class=\"column-3\">Dr. Jos\u00e9 Peimbert Duarte<\/td><td class=\"column-4\"><a href=\"https:\/\/drive.google.com\/file\/d\/1beVJ2ozQqc_EGFFBO0ZGoVt4gHSa5j_U\/preview\" target=\"_blank\" rel=\"noopener\">OFICIO 11<\/a><\/td>\n<\/tr>\n<tr class=\"row-6 even\">\n\t<td class=\"column-1\"><\/td><td class=\"column-2\">Facultad de Ingenier\u00eda y Negocios Guadalupe Victoria<\/td><td class=\"column-3\">Dra. Ana Mar\u00eda V\u00e1zquez Espinoza<\/td><td class=\"column-4\"><a href=\"https:\/\/drive.google.com\/file\/d\/1CfEwOXnWj1J0tGpu86Y_FT6xmn1fADCX\/preview\" target=\"_blank\" rel=\"noopener\">OFICIO 12<\/a><\/td>\n<\/tr>\n<tr class=\"row-7 odd\">\n\t<td class=\"column-1\">04 de septiembre<\/td><td class=\"column-2\">Facultad de Ingenier\u00eda y Negocios San Quint\u00edn<\/td><td class=\"column-3\">Mtro. Isidro Bazante Gonz\u00e1lez<\/td><td class=\"column-4\"><a href=\"https:\/\/drive.google.com\/file\/d\/1bOukq0hBxe630npp03mOELMW-3fYqky-\/preview\" target=\"_blank\" rel=\"noopener\">OFICIO 10<\/a><\/td>\n<\/tr>\n<tr class=\"row-8 even\">\n\t<td class=\"column-1\">28 de septiembre<\/td><td class=\"column-2\">Facultad de Ciencias<\/td><td class=\"column-3\">Dr. Alberto Leopoldo Mor\u00e1n y Solares<\/td><td class=\"column-4\"><a href=\"https:\/\/drive.google.com\/file\/d\/1vo_FKQe-ThpMpGVUQ0ZeqKWnNUhTBuzj\/preview\" target=\"_blank\" rel=\"noopener\">OFICIO 21<\/a><\/td>\n<\/tr>\n<tr class=\"row-9 odd\">\n\t<td class=\"column-1\">29 de septiembre<\/td><td class=\"column-2\">Facultad de Econom\u00eda y Relaciones Internacionales<\/td><td class=\"column-3\">Dr. Natanael Ram\u00edrez Angulo<\/td><td class=\"column-4\"><a href=\"https:\/\/drive.google.com\/file\/d\/1G-K2O8IGMxy8Fqcz-CyUyEFpPUk7f3RB\/preview\" target=\"_blank\" rel=\"noopener\">OFICIO 23<\/a><\/td>\n<\/tr>\n<tr class=\"row-10 even\">\n\t<td class=\"column-1\"><\/td><td class=\"column-2\">Facultad de Humanidades y Ciencias Sociales<\/td><td class=\"column-3\">Dra. Mar\u00eda de Jes\u00fas Montoya Robles<\/td><td class=\"column-4\"><a href=\"https:\/\/drive.google.com\/file\/d\/1exVTksiBzkIo1hW_ienyESbawead3fWb\/preview\" target=\"_blank\" rel=\"noopener\">OFICIO 22<\/a><\/td>\n<\/tr>\n<tr class=\"row-11 odd\">\n\t<td class=\"column-1\">17 de octubre<\/td><td class=\"column-2\">Instituto de Investigaciones Culturales Museo<\/td><td class=\"column-3\">Dr. Christian Alonso Fern\u00e1ndez Huerta<\/td><td class=\"column-4\"><a href=\"https:\/\/drive.google.com\/file\/d\/1nNBxQ0MW3Xz8TIyI26HrNv94l4qc-9on\/preview\" target=\"_blank\" rel=\"noopener\">OFICIO 27<\/a><\/td>\n<\/tr>\n<tr class=\"row-12 even\">\n\t<td class=\"column-1\"><\/td><td class=\"column-2\">Facultad de Deportes<\/td><td class=\"column-3\">Mtro. Emilio Manuel Arrayales Mill\u00e1n<\/td><td class=\"column-4\"><a href=\"https:\/\/drive.google.com\/file\/d\/1WUFqdmG1sNyE4IN-klH5pUVdeSMQOf95\/preview\" target=\"_blank\" rel=\"noopener\">OFICIO 28<\/a><\/td>\n<\/tr>\n<tr class=\"row-13 odd\">\n\t<td class=\"column-1\">24 de octubre<\/td><td class=\"column-2\">Instituto de Ciencias Agr\u00edcolas<\/td><td class=\"column-3\">Dr. Daniel Gonz\u00e1lez Mendoza<\/td><td class=\"column-4\"><a href=\"https:\/\/drive.google.com\/file\/d\/1c3P9bZCz7ZwlsaUo_qetaEjSSBtsry1J\/preview\" target=\"_blank\" rel=\"noopener\">OFICIO 36<\/a><\/td>\n<\/tr>\n<tr class=\"row-14 even\">\n\t<td class=\"column-1\"><\/td><td class=\"column-2\">Facultad de Ingenier\u00eda<\/td><td class=\"column-3\">Dra. Araceli Celina Justo L\u00f3pez<\/td><td class=\"column-4\"><a href=\"https:\/\/drive.google.com\/file\/d\/1ta0LCqM9y5dSJl4Ao_ixmFfKlg-_Afjh\/preview\" target=\"_blank\" rel=\"noopener\">OFICIO 37<\/a><\/td>\n<\/tr>\n<tr class=\"row-15 odd\">\n\t<td class=\"column-1\"><\/td><td class=\"column-2\">Facultad de Ciencias Sociales Y Pol\u00edticas<\/td><td class=\"column-3\">Dr. Jes\u00fas Francisco G\u00f3mez Mc. Donough<\/td><td class=\"column-4\"><a href=\"https:\/\/drive.google.com\/file\/d\/1DY2x8or8Zqa3cxgh3LLno0fZy9m_JGGx\/preview\" target=\"_blank\" rel=\"noopener\">OFICIO 38<\/a><\/td>\n<\/tr>\n<\/tbody>\n<\/table>\n<!-- #tablepress-51 from cache -->\t\t\t\t\t\t  <\/div>\r\n\t\t\t\t\t\t<\/div>\r\n\t\t\t\t\t<\/div>\r\n\t\t\t\t\t<!-- Inner panel End -->\r\n\t\t\t\t\t\r\n\t\t\t\t\t\t\t\t\r\n\t\t\t\t\t<!-- Inner panel Start -->\r\n\t\t\t\t\t<div class=\"wpsm_panel wpsm_panel-default\">\r\n\t\t\t\t\t\t<div class=\"wpsm_panel-heading\" role=\"tab\" >\r\n\t\t\t\t\t\t  <h4 class=\"wpsm_panel-title\">\r\n\t\t\t\t\t\t\t<a  class=\"collapsed\"  data-toggle=\"collapse\" data-parent=\"#wpsm_accordion_7351 \" href=\"javascript:void(0)\" data-target=\"#ac_7351_collapse7\" onclick=\"do_resize()\">\r\n\t\t\t\t\t\t\t\t \r\n\t\t\t\t\t\t\t\t<span class=\"ac_title_class\">\r\n\t\t\t\t\t\t\t\t\t\t\t\t\t\t\t\t\t\t\t\t<span style=\"margin-right:6px;\" class=\"fa fa-align-justify\"><\/span>\r\n\t\t\t\t\t\t\t\t\t2019\t\t\t\t\t\t\t\t<\/span>\r\n\t\t\t\t\t\t\t<\/a>\r\n\t\t\t\t\t\t  <\/h4>\r\n\t\t\t\t\t\t<\/div>\r\n\t\t\t\t\t\t<div id=\"ac_7351_collapse7\" class=\"wpsm_panel-collapse collapse \"  >\r\n\t\t\t\t\t\t  <div class=\"wpsm_panel-body\">\r\n\t\t\t\t\t\t\t\n<table id=\"tablepress-51-no-2\" class=\"tablepress tablepress-id-51\">\n<thead>\n<tr class=\"row-1 odd\">\n\t<th class=\"column-1\">Fecha del nombramiento<\/th><th class=\"column-2\">Escuela, facultad o instituto<\/th><th class=\"column-3\">Director(a) nombrado(a)<\/th><th class=\"column-4\">Recomendaci\u00f3n<\/th>\n<\/tr>\n<\/thead>\n<tbody class=\"row-hover\">\n<tr class=\"row-2 even\">\n\t<td class=\"column-1\">19 de febrero<\/td><td class=\"column-2\">Facultad de Derecho Mexicali<\/td><td class=\"column-3\">Mtra. Ana Edith Canales Murillo<\/td><td class=\"column-4\"><a href=\"https:\/\/drive.google.com\/file\/d\/133G8bCtgklgzP4-QROyW4DpN2Eq2klEh\/preview\" target=\"_blank\" rel=\"noopener\">OFICIO 18<\/a><\/td>\n<\/tr>\n<tr class=\"row-3 odd\">\n\t<td class=\"column-1\">26 de febrero<\/td><td class=\"column-2\">Facultad de Ciencias Marinas<\/td><td class=\"column-3\">Dra. Lus Mercedes L\u00f3pez Acu\u00f1a<\/td><td class=\"column-4\"><a href=\"https:\/\/drive.google.com\/file\/d\/1G_7-TlaSJ1mK1gDf0v02UMzsidqVVpzd\/preview\" target=\"_blank\" rel=\"noopener\">OFICIO 20<\/a><\/td>\n<\/tr>\n<tr class=\"row-4 even\">\n\t<td class=\"column-1\">13 de marzo<\/td><td class=\"column-2\">Instituto de Ingenier\u00eda<\/td><td class=\"column-3\">Dr. Mario Alberto Curiel \u00c1lvarez<\/td><td class=\"column-4\"><a href=\"https:\/\/drive.google.com\/file\/d\/1XRM_la8xpfHrZXc7wYE_q2Ye6CiwxW7J\/preview\" target=\"_blank\" rel=\"noopener\">OFICIO 26<\/a><\/td>\n<\/tr>\n<tr class=\"row-5 odd\">\n\t<td class=\"column-1\">27 de agosto\u00a0<\/td><td class=\"column-2\">Facultad de Arquitectura y Dise\u00f1o<\/td><td class=\"column-3\">Dr. Jos\u00e9 Peimbert Duarte<\/td><td class=\"column-4\"><a href=\"https:\/\/drive.google.com\/file\/d\/1beVJ2ozQqc_EGFFBO0ZGoVt4gHSa5j_U\/preview\" target=\"_blank\" rel=\"noopener\">OFICIO 11<\/a><\/td>\n<\/tr>\n<tr class=\"row-6 even\">\n\t<td class=\"column-1\"><\/td><td class=\"column-2\">Facultad de Ingenier\u00eda y Negocios Guadalupe Victoria<\/td><td class=\"column-3\">Dra. Ana Mar\u00eda V\u00e1zquez Espinoza<\/td><td class=\"column-4\"><a href=\"https:\/\/drive.google.com\/file\/d\/1CfEwOXnWj1J0tGpu86Y_FT6xmn1fADCX\/preview\" target=\"_blank\" rel=\"noopener\">OFICIO 12<\/a><\/td>\n<\/tr>\n<tr class=\"row-7 odd\">\n\t<td class=\"column-1\">04 de septiembre<\/td><td class=\"column-2\">Facultad de Ingenier\u00eda y Negocios San Quint\u00edn<\/td><td class=\"column-3\">Mtro. Isidro Bazante Gonz\u00e1lez<\/td><td class=\"column-4\"><a href=\"https:\/\/drive.google.com\/file\/d\/1bOukq0hBxe630npp03mOELMW-3fYqky-\/preview\" target=\"_blank\" rel=\"noopener\">OFICIO 10<\/a><\/td>\n<\/tr>\n<tr class=\"row-8 even\">\n\t<td class=\"column-1\">28 de septiembre<\/td><td class=\"column-2\">Facultad de Ciencias<\/td><td class=\"column-3\">Dr. Alberto Leopoldo Mor\u00e1n y Solares<\/td><td class=\"column-4\"><a href=\"https:\/\/drive.google.com\/file\/d\/1vo_FKQe-ThpMpGVUQ0ZeqKWnNUhTBuzj\/preview\" target=\"_blank\" rel=\"noopener\">OFICIO 21<\/a><\/td>\n<\/tr>\n<tr class=\"row-9 odd\">\n\t<td class=\"column-1\">29 de septiembre<\/td><td class=\"column-2\">Facultad de Econom\u00eda y Relaciones Internacionales<\/td><td class=\"column-3\">Dr. Natanael Ram\u00edrez Angulo<\/td><td class=\"column-4\"><a href=\"https:\/\/drive.google.com\/file\/d\/1G-K2O8IGMxy8Fqcz-CyUyEFpPUk7f3RB\/preview\" target=\"_blank\" rel=\"noopener\">OFICIO 23<\/a><\/td>\n<\/tr>\n<tr class=\"row-10 even\">\n\t<td class=\"column-1\"><\/td><td class=\"column-2\">Facultad de Humanidades y Ciencias Sociales<\/td><td class=\"column-3\">Dra. Mar\u00eda de Jes\u00fas Montoya Robles<\/td><td class=\"column-4\"><a href=\"https:\/\/drive.google.com\/file\/d\/1exVTksiBzkIo1hW_ienyESbawead3fWb\/preview\" target=\"_blank\" rel=\"noopener\">OFICIO 22<\/a><\/td>\n<\/tr>\n<tr class=\"row-11 odd\">\n\t<td class=\"column-1\">17 de octubre<\/td><td class=\"column-2\">Instituto de Investigaciones Culturales Museo<\/td><td class=\"column-3\">Dr. Christian Alonso Fern\u00e1ndez Huerta<\/td><td class=\"column-4\"><a href=\"https:\/\/drive.google.com\/file\/d\/1nNBxQ0MW3Xz8TIyI26HrNv94l4qc-9on\/preview\" target=\"_blank\" rel=\"noopener\">OFICIO 27<\/a><\/td>\n<\/tr>\n<tr class=\"row-12 even\">\n\t<td class=\"column-1\"><\/td><td class=\"column-2\">Facultad de Deportes<\/td><td class=\"column-3\">Mtro. Emilio Manuel Arrayales Mill\u00e1n<\/td><td class=\"column-4\"><a href=\"https:\/\/drive.google.com\/file\/d\/1WUFqdmG1sNyE4IN-klH5pUVdeSMQOf95\/preview\" target=\"_blank\" rel=\"noopener\">OFICIO 28<\/a><\/td>\n<\/tr>\n<tr class=\"row-13 odd\">\n\t<td class=\"column-1\">24 de octubre<\/td><td class=\"column-2\">Instituto de Ciencias Agr\u00edcolas<\/td><td class=\"column-3\">Dr. Daniel Gonz\u00e1lez Mendoza<\/td><td class=\"column-4\"><a href=\"https:\/\/drive.google.com\/file\/d\/1c3P9bZCz7ZwlsaUo_qetaEjSSBtsry1J\/preview\" target=\"_blank\" rel=\"noopener\">OFICIO 36<\/a><\/td>\n<\/tr>\n<tr class=\"row-14 even\">\n\t<td class=\"column-1\"><\/td><td class=\"column-2\">Facultad de Ingenier\u00eda<\/td><td class=\"column-3\">Dra. Araceli Celina Justo L\u00f3pez<\/td><td class=\"column-4\"><a href=\"https:\/\/drive.google.com\/file\/d\/1ta0LCqM9y5dSJl4Ao_ixmFfKlg-_Afjh\/preview\" target=\"_blank\" rel=\"noopener\">OFICIO 37<\/a><\/td>\n<\/tr>\n<tr class=\"row-15 odd\">\n\t<td class=\"column-1\"><\/td><td class=\"column-2\">Facultad de Ciencias Sociales Y Pol\u00edticas<\/td><td class=\"column-3\">Dr. Jes\u00fas Francisco G\u00f3mez Mc. Donough<\/td><td class=\"column-4\"><a href=\"https:\/\/drive.google.com\/file\/d\/1DY2x8or8Zqa3cxgh3LLno0fZy9m_JGGx\/preview\" target=\"_blank\" rel=\"noopener\">OFICIO 38<\/a><\/td>\n<\/tr>\n<\/tbody>\n<\/table>\n<!-- #tablepress-51-no-2 from cache -->\t\t\t\t\t\t  <\/div>\r\n\t\t\t\t\t\t<\/div>\r\n\t\t\t\t\t<\/div>\r\n\t\t\t\t\t<!-- Inner panel End -->\r\n\t\t\t\t\t\r\n\t\t\t\t\t\t\t\t\r\n\t\t\t\t\t<!-- Inner panel Start -->\r\n\t\t\t\t\t<div class=\"wpsm_panel wpsm_panel-default\">\r\n\t\t\t\t\t\t<div class=\"wpsm_panel-heading\" role=\"tab\" >\r\n\t\t\t\t\t\t  <h4 class=\"wpsm_panel-title\">\r\n\t\t\t\t\t\t\t<a  class=\"collapsed\"  data-toggle=\"collapse\" data-parent=\"#wpsm_accordion_7351 \" href=\"javascript:void(0)\" data-target=\"#ac_7351_collapse8\" onclick=\"do_resize()\">\r\n\t\t\t\t\t\t\t\t \r\n\t\t\t\t\t\t\t\t<span class=\"ac_title_class\">\r\n\t\t\t\t\t\t\t\t\t\t\t\t\t\t\t\t\t\t\t\t<span style=\"margin-right:6px;\" class=\"fa fa-align-justify\"><\/span>\r\n\t\t\t\t\t\t\t\t\t2018\t\t\t\t\t\t\t\t<\/span>\r\n\t\t\t\t\t\t\t<\/a>\r\n\t\t\t\t\t\t  <\/h4>\r\n\t\t\t\t\t\t<\/div>\r\n\t\t\t\t\t\t<div id=\"ac_7351_collapse8\" class=\"wpsm_panel-collapse collapse \"  >\r\n\t\t\t\t\t\t  <div class=\"wpsm_panel-body\">\r\n\t\t\t\t\t\t\t\n<table id=\"tablepress-52\" class=\"tablepress tablepress-id-52\">\n<thead>\n<tr class=\"row-1 odd\">\n\t<th class=\"column-1\">Fecha del nombramiento<\/th><th class=\"column-2\">Escuela, facultad o instituto<\/th><th class=\"column-3\">Director(a) nombrado(a)<\/th><th class=\"column-4\">Recomendaci\u00f3n<\/th>\n<\/tr>\n<\/thead>\n<tbody class=\"row-hover\">\n<tr class=\"row-2 even\">\n\t<td class=\"column-1\">23 de abril<\/td><td class=\"column-2\">Facultad de Odontolog\u00eda Tijuana<\/td><td class=\"column-3\">Dra. Hayde\u00e9 G\u00f3mez Llanos Ju\u00e1rez<\/td><td class=\"column-4\"><a href=\"https:\/\/drive.google.com\/file\/d\/1JqIZPul_XRgG-ioo_8uoRtK504zJXlwM\/preview\" target=\"_blank\" rel=\"noopener\">OFICIO 26<\/a><\/td>\n<\/tr>\n<tr class=\"row-3 odd\">\n\t<td class=\"column-1\">25 de abril<\/td><td class=\"column-2\">Instituto de Investigaci\u00f3n en Ciencias Veterinarias<\/td><td class=\"column-3\">Dr. Jos\u00e9 Carlom\u00e1n Herrera Ram\u00edrez<\/td><td class=\"column-4\"><a href=\"https:\/\/drive.google.com\/file\/d\/1h22T4AhiHjFRjaiU1U4BxN-qgUmvPbt2\/preview\" target=\"_blank\" rel=\"noopener\">OFICIO 24<\/a><\/td>\n<\/tr>\n<tr class=\"row-4 even\">\n\t<td class=\"column-1\">02 de mayo<\/td><td class=\"column-2\">Facultad de Ciencias Administrativas<\/td><td class=\"column-3\">Dr. Ra\u00fal Gonz\u00e1lez N\u00fa\u00f1ez<\/td><td class=\"column-4\"><a href=\"https:\/\/drive.google.com\/file\/d\/1HoOkujIXxvmaB-ZVD_yLM3N3CiuL6lee\/preview\" target=\"_blank\" rel=\"noopener\">OFICIO 30<\/a><\/td>\n<\/tr>\n<tr class=\"row-5 odd\">\n\t<td class=\"column-1\"><\/td><td class=\"column-2\">Facultad de Idiomas<\/td><td class=\"column-3\">Dr. L\u00e1zaro Gabriel M\u00e1rquez Escudero<\/td><td class=\"column-4\"><a href=\"https:\/\/drive.google.com\/file\/d\/1N1ZU5x4PVvq7Jo5ihwr58ynzzapqBE4D\/preview\" target=\"_blank\" rel=\"noopener\">OFICIO 31<\/a><\/td>\n<\/tr>\n<tr class=\"row-6 even\">\n\t<td class=\"column-1\"><\/td><td class=\"column-2\">Faculad de Artes<\/td><td class=\"column-3\">Mtro. Salvador Le\u00f3n Guridi<\/td><td class=\"column-4\"><a href=\"https:\/\/drive.google.com\/file\/d\/1YLsjhd3p3onHo15ypOSFOfVF2vE8yGp9\/preview\" target=\"_blank\" rel=\"noopener\">OFICIO 32<\/a><\/td>\n<\/tr>\n<tr class=\"row-7 odd\">\n\t<td class=\"column-1\">13 de mayo<\/td><td class=\"column-2\">Escuela de Ciencias de la Salud Valle de las Palmas<\/td><td class=\"column-3\">Dra. Ana Gabriela Magallanes Rodr\u00edguez<\/td><td class=\"column-4\"><a href=\"https:\/\/drive.google.com\/file\/d\/1NIjdFbemQsvXFCasVJQSdMa0Ou0z1jV3\/preview\" target=\"_blank\" rel=\"noopener\">OFICIO 27<\/a><\/td>\n<\/tr>\n<tr class=\"row-8 even\">\n\t<td class=\"column-1\"><\/td><td class=\"column-2\">Escuela de Ciencias de la Ingenier\u00eda y Tecnolog\u00eda Valle de las Palmas<\/td><td class=\"column-3\">Mtro. Antonio G\u00f3mez Roa<\/td><td class=\"column-4\"><a href=\"https:\/\/drive.google.com\/file\/d\/1fknk3jx5Doi8J99u-gLlMnSKm39G5BOy\/preview\" target=\"_blank\" rel=\"noopener\">OFICIO 25<\/a><\/td>\n<\/tr>\n<tr class=\"row-9 odd\">\n\t<td class=\"column-1\">10 de junio<\/td><td class=\"column-2\">Instituto de Investigaciones Hist\u00f3ricas<\/td><td class=\"column-3\">Dra. Diana Lizbeth M\u00e9ndez Medina<\/td><td class=\"column-4\"><a href=\"https:\/\/drive.google.com\/file\/d\/1fQ7vxfJWA35hZk4hvARxkgrWsEmY2QjC\/preview\" target=\"_blank\" rel=\"noopener\">OFICIO 36<\/a><\/td>\n<\/tr>\n<tr class=\"row-10 even\">\n\t<td class=\"column-1\"><\/td><td class=\"column-2\">Facultad de Turismo y Mercadotecnia<\/td><td class=\"column-3\">Dra. Martha Ofelia Lobo Rodr\u00edguez<\/td><td class=\"column-4\"><a href=\"https:\/\/drive.google.com\/file\/d\/181PhFqhyXYwN52ogPVfQlA_hXS1kcdmc\/preview\" target=\"_blank\" rel=\"noopener\">OFICIO 35<\/a><\/td>\n<\/tr>\n<tr class=\"row-11 odd\">\n\t<td class=\"column-1\">02 de octubre<\/td><td class=\"column-2\">Facultad de Ciencias Qu\u00edmicas e Ingenier\u00eda<\/td><td class=\"column-3\">Dr. Jos\u00e9 Luis Gonz\u00e1lez V\u00e1zquez<\/td><td class=\"column-4\"><a href=\"https:\/\/drive.google.com\/file\/d\/1usdL7Co4mEnzvbs0kLNTzNH9FEJ11p2O\/preview\" target=\"_blank\" rel=\"noopener\">OFICIO 01<\/a><\/td>\n<\/tr>\n<tr class=\"row-12 even\">\n\t<td class=\"column-1\"><\/td><td class=\"column-2\">Facultad de Derecho Tijuana<\/td><td class=\"column-3\">Dra. Laura Alicia Camarillo Govea<\/td><td class=\"column-4\"><a href=\"https:\/\/drive.google.com\/file\/d\/15zJla1n9lU5cEA2NNPbvCFT-a5xD1Ehk\/preview\" target=\"_blank\" rel=\"noopener\">OFICIO 02<\/a><\/td>\n<\/tr>\n<tr class=\"row-13 odd\">\n\t<td class=\"column-1\">14 de octubre<\/td><td class=\"column-2\">Facultad de Enfermer\u00eda<\/td><td class=\"column-3\">Mtra. Leticia Gabriela Rodr\u00edguez Pedraza<\/td><td class=\"column-4\"><a href=\"https:\/\/drive.google.com\/file\/d\/13V1w8DJVRupZattvmQ-O_6ghInridxeM\/preview\" target=\"_blank\" rel=\"noopener\">OFICIO 03<\/a><\/td>\n<\/tr>\n<tr class=\"row-14 even\">\n\t<td class=\"column-1\">09 de noviembre<\/td><td class=\"column-2\">Facultad de Medicina y Psicolog\u00eda<\/td><td class=\"column-3\">Dra. Julieta Yadira Islas Lim\u00f3n<\/td><td class=\"column-4\"><a href=\"https:\/\/drive.google.com\/file\/d\/1qI95xmZfNYmGeOisS_W-aOrhChHTVzRT\/preview\" target=\"_blank\" rel=\"noopener\">OFICIO 05<\/a><\/td>\n<\/tr>\n<tr class=\"row-15 odd\">\n\t<td class=\"column-1\"><\/td><td class=\"column-2\">Facultad de Contadur\u00eda y Administraci\u00f3n<\/td><td class=\"column-3\">Dr. Ismael Plascencia L\u00f3pez<\/td><td class=\"column-4\"><a href=\"https:\/\/drive.google.com\/file\/d\/1auGCL2xZs21crx07mH2PmGb98ZlWcndL\/preview\" target=\"_blank\" rel=\"noopener\">OFICIO 06<\/a><\/td>\n<\/tr>\n<tr class=\"row-16 even\">\n\t<td class=\"column-1\">02 de diciembre<\/td><td class=\"column-2\">Instituto de Investigaci\u00f3n y Desarrollo Educativo<\/td><td class=\"column-3\">Dr. Jos\u00e9 Alfonso Jim\u00e9nez Moreno<\/td><td class=\"column-4\"><a href=\"https:\/\/drive.google.com\/file\/d\/1VpENjrhRdwsMmajYyaYLjBkl3DgeWf57\/preview\" target=\"_blank\" rel=\"noopener\">OFICIO 08<\/a><\/td>\n<\/tr>\n<tr class=\"row-17 odd\">\n\t<td class=\"column-1\"><\/td><td class=\"column-2\">Facultad de Ingenier\u00eda, Arquitectura y Dise\u00f1o<\/td><td class=\"column-3\">Dr. Miguel Enrique Mart\u00ednez Rosas<\/td><td class=\"column-4\"><a href=\"https:\/\/drive.google.com\/file\/d\/1PiaBcndylmcJy3C3AdZcICXIRzrPIxiR\/preview\" target=\"_blank\" rel=\"noopener\">OFICIO 07<\/a><\/td>\n<\/tr>\n<tr class=\"row-18 even\">\n\t<td class=\"column-1\">18 de diciembre<\/td><td class=\"column-2\">Instituto de Investigaciones Sociales<\/td><td class=\"column-3\">Dra. Fabiola Maribel Denegri de Dios<\/td><td class=\"column-4\"><a href=\"https:\/\/drive.google.com\/file\/d\/1dXeXGY1GbndP-aZaJ9_n0qJJCcBfgVv_\/preview\" target=\"_blank\" rel=\"noopener\">OFICIO 09<\/a><\/td>\n<\/tr>\n<\/tbody>\n<\/table>\n<!-- #tablepress-52 from cache -->\t\t\t\t\t\t  <\/div>\r\n\t\t\t\t\t\t<\/div>\r\n\t\t\t\t\t<\/div>\r\n\t\t\t\t\t<!-- Inner panel End -->\r\n\t\t\t\t\t\r\n\t\t\t\t\t\t\t<\/div>\r\n\t\t\t\r\n<script type=\"text\/javascript\">\r\n\t\r\n\t\tfunction do_resize(){\r\n\r\n\t\t\tvar width=jQuery( '.wpsm_panel .wpsm_panel-body iframe' ).width();\r\n\t\t\tvar height=jQuery( '.wpsm_panel .wpsm_panel-body iframe' ).height();\r\n\r\n\t\t\tvar toggleSize = true;\r\n\t\t\tjQuery('iframe').animate({\r\n\t\t\t    width: toggleSize ? width : 640,\r\n\t\t\t    height: toggleSize ? height : 360\r\n\t\t\t  }, 250);\r\n\r\n\t\t\t  toggleSize = !toggleSize;\r\n\t\t}\r\n\t\t\r\n<\/script>\t<\/div>\n\t\t\t\t<\/div>\n\t\t\t\t<\/div>\n\t\t\t\t<div class=\"elementor-element elementor-element-3f3901f elementor-widget elementor-widget-text-editor\" data-id=\"3f3901f\" data-element_type=\"widget\" data-widget_type=\"text-editor.default\">\n\t\t\t\t<div class=\"elementor-widget-container\">\n\t\t\t\t\t\t\t\t<p>\u00a0<\/p><p>\u00a0<\/p><p><a href=\"https:\/\/juntadegobierno.uabc.mx\/wp-content\/uploads\/2023\/08\/2022-Concentrado-Recomendaciones-UA.pdf\" target=\"_blank\" rel=\"noopener\">Consultar concentrado de recomendaciones anteriores<\/a>.<\/p>\t\t\t\t\t\t<\/div>\n\t\t\t\t<\/div>\n\t\t\t\t\t<\/div>\n\t\t<\/div>\n\t\t\t\t\t\t\t<\/div>\n\t\t<\/section>\n\t\t\t\t\t<\/div>\n\t\t<\/div>\n\t\t\t\t\t\t\t<\/div>\n\t\t<\/section>\n\t\t\t\t\t\t<\/div>\n\t\t\t\t\t<\/div>\n\t\t","protected":false},"excerpt":{"rendered":"<p>Recomendaciones &#8211; Hist\u00f3rico Hist\u00f3rico de recomendaciones: \u00a0 \u00a0 Consultar concentrado de recomendaciones anteriores.<\/p>\n","protected":false},"author":1,"featured_media":0,"parent":0,"menu_order":0,"comment_status":"closed","ping_status":"closed","template":"","meta":[],"rttpg_featured_image_url":null,"rttpg_author":{"display_name":"admin","author_link":"https:\/\/juntadegobierno.uabc.mx\/?author=1"},"rttpg_comment":0,"rttpg_category":null,"rttpg_excerpt":"Recomendaciones &#8211; Hist\u00f3rico Hist\u00f3rico de recomendaciones: \u00a0 \u00a0 Consultar concentrado de recomendaciones anteriores.","_links":{"self":[{"href":"https:\/\/juntadegobierno.uabc.mx\/index.php?rest_route=\/wp\/v2\/pages\/7348"}],"collection":[{"href":"https:\/\/juntadegobierno.uabc.mx\/index.php?rest_route=\/wp\/v2\/pages"}],"about":[{"href":"https:\/\/juntadegobierno.uabc.mx\/index.php?rest_route=\/wp\/v2\/types\/page"}],"author":[{"embeddable":true,"href":"https:\/\/juntadegobierno.uabc.mx\/index.php?rest_route=\/wp\/v2\/users\/1"}],"replies":[{"embeddable":true,"href":"https:\/\/juntadegobierno.uabc.mx\/index.php?rest_route=%2Fwp%2Fv2%2Fcomments&post=7348"}],"version-history":[{"count":0,"href":"https:\/\/juntadegobierno.uabc.mx\/index.php?rest_route=\/wp\/v2\/pages\/7348\/revisions"}],"wp:attachment":[{"href":"https:\/\/juntadegobierno.uabc.mx\/index.php?rest_route=%2Fwp%2Fv2%2Fmedia&parent=7348"}],"curies":[{"name":"wp","href":"https:\/\/api.w.org\/{rel}","templated":true}]}}